{"id":3349,"date":"2023-02-13T15:59:50","date_gmt":"2023-02-13T14:59:50","guid":{"rendered":"https:\/\/luganoelegance.com\/partners\/"},"modified":"2026-04-09T16:08:57","modified_gmt":"2026-04-09T14:08:57","slug":"partner","status":"publish","type":"page","link":"https:\/\/luganoelegance.com\/de\/partner\/","title":{"rendered":"Partner"},"content":{"rendered":"<section class=\"acf\/visual-and-content module relative only:py-20 mb-15 bg-white\" >\n    \n  <div class=\"gutter-x py-8 md:py-15\">\n    <div class=\"container grid grid-cols-12 gap-6 md:gap-10\">\n\n      <div class=\"col-span-12 flex items-center md:col-span-6 lg:col-span-5\">\n        <div class=\"w-full md:my-0 max-w-xl\">\n          <div class=\"max-w-2xl mx-auto \">\n    \n    \n    \n          <div class=\"wysiwyg\">\n        <p>Die Exzellenz von Lugano Elegance basiert auf einem Netzwerk ausgew\u00e4hlter Partner, die unsere Vision teilen und aktiv zum Prestige der Veranstaltung beitragen. Jede Zusammenarbeit ist f\u00fcr uns eine strategische Allianz, die Know-how und Werte vereint.<\/p>\n<p>Wir sind stets offen f\u00fcr neue Partnerschaften mit Unternehmen, die unseren Weg der Exzellenz teilen und zu einem einzigartigen Ereignis beitragen m\u00f6chten.<\/p>\n\n      <\/div>\n    \n    \n          <div class=\"flex mt-8 gap-5\">\n                  <a  href=\"mailto:hello@luganoelegance.com\" target=\"_blank\"  rel=\"noopener noreferrer\"   class=\"button group inline-flex items-center justify-center gap-x-2 font-alt text-h5 transition-micro font-general normal-case h-9 px-5 pb-0.5 leading-none rounded bg-yellow hover:bg-yellow\/80 text-black\"\n\n    \n    >\n    <span>Kontaktieren Sie uns<\/span>\n\n    \n        <\/a>\n\n              <\/div>\n    \n  <\/div>\n        <\/div>\n      <\/div>\n\n              <div class=\"col-span-12 md:col-span-6 lg:col-span-7 flex items-center\">\n          <figure class=\"block w-full overflow-hidden rounded aspect-[16\/10] !h-auto h-full\">\n  <picture class=\"block h-full w-full \">\n    <source srcset=\"https:\/\/luganoelegance.com\/wp-content\/uploads\/IMG_6832-1-300x200.jpg 300w, https:\/\/luganoelegance.com\/wp-content\/uploads\/IMG_6832-1-1024x682.jpg 1024w, https:\/\/luganoelegance.com\/wp-content\/uploads\/IMG_6832-1-768x512.jpg 768w, https:\/\/luganoelegance.com\/wp-content\/uploads\/IMG_6832-1-1536x1024.jpg 1536w, https:\/\/luganoelegance.com\/wp-content\/uploads\/IMG_6832-1.jpg 2000w\" sizes=\"(min-width: 1024px) 550px, 100vw\" \/>\n    <img decoding=\"async\" src=\"https:\/\/luganoelegance.com\/wp-content\/uploads\/IMG_6832-1-1024x682.jpg\" alt=\"image\" class=\"object-cover object-center w-full h-full\" \/>\n  <\/picture>\n<\/figure>\n        <\/div>\n      \n    <\/div>\n  <\/div>\n  <\/section>\n\n\n\n\n<section class=\"acf\/partners-grid module relative only:py-20 bg-white\" >\n      <div class=\"gutter-x py-15\">\n    \n    <div class=\"container\">\n              <h2 class=\"text-h3 mb-6\">Main Partners<\/h2>\n\n        <div class=\"container grid grid-cols-12 gap-8 mb-20\">\n\n                                    <div class=\"col-span-12 md:col-span-6 lg:col-span-4 xl:col-span-3 flex\">\n                                                  <a href=\"https:\/\/www.chubb.com\/\" target=\"_blank\" rel=\"noopener noreferrer\" class=\"group flex-1 flex\">\n                                <article class=\"flex-1 flex flex-col p-6 shadow rounded bg-green-dark\/5 group-hover:-translate-y-1 transition-default\">\n                  <figure class=\"relative mb-6 flex h-16 items-center\">\n                                          <img decoding=\"async\" src=\"https:\/\/luganoelegance.com\/wp-content\/uploads\/chubb.svg\" alt=\"logo\" class=\"max-h-full w-auto\">\n                                      <\/figure>\n\n                  <h2 class=\"heading-3 text-yellow mb-4\">Chubb<\/h2>\n\n                  <div>\n\n                                          <div class=\"wysiwyg text-small\">\n                        <!-- wp:paragraph -->\n<p>Als weltweit f\u00fchrender Anbieter von Versicherungen f\u00fcr Privatkunden und hochwertige Verm\u00f6genswerte bietet Chubb ma\u00dfgeschneiderte L\u00f6sungen zum Schutz von Sammlerwagen, Kunstwerken und prestigetr\u00e4chtigen Verm\u00f6gen mit Kompetenz und Exzellenz.<\/p>\n<!-- \/wp:paragraph -->\n                      <\/div>\n                                      <\/div>\n                <\/article>\n                                  <\/a>\n                              <\/div>\n                          <div class=\"col-span-12 md:col-span-6 lg:col-span-4 xl:col-span-3 flex\">\n                                                  <a href=\"https:\/\/franciacorta.wine\/en\/\" target=\"_blank\" rel=\"noopener noreferrer\" class=\"group flex-1 flex\">\n                                <article class=\"flex-1 flex flex-col p-6 shadow rounded bg-green-dark\/5 group-hover:-translate-y-1 transition-default\">\n                  <figure class=\"relative mb-6 flex h-16 items-center\">\n                                          <img decoding=\"async\" src=\"https:\/\/luganoelegance.com\/wp-content\/uploads\/Franciacorta.svg\" alt=\"logo\" class=\"max-h-full w-auto\">\n                                      <\/figure>\n\n                  <h2 class=\"heading-3 text-yellow mb-4\">Consorzio Franciacorta<\/h2>\n\n                  <div>\n\n                                          <div class=\"wysiwyg text-small\">\n                        <!-- wp:paragraph -->\n<p>Offizieller Schutz f\u00fcr Schaumweine<\/p>\n<!-- \/wp:paragraph -->\n\n<!-- wp:paragraph -->\n<p>Schutz, Aufwertung und F\u00f6rderung der Franciacorta-Produkte.<\/p>\n<!-- \/wp:paragraph -->\n\n<!-- wp:paragraph -->\n<p><\/p>\n<!-- \/wp:paragraph -->\n                      <\/div>\n                                      <\/div>\n                <\/article>\n                                  <\/a>\n                              <\/div>\n                          <div class=\"col-span-12 md:col-span-6 lg:col-span-4 xl:col-span-3 flex\">\n                                                  <a href=\"https:\/\/www.pkb.ch\/\" target=\"_blank\" rel=\"noopener noreferrer\" class=\"group flex-1 flex\">\n                                <article class=\"flex-1 flex flex-col p-6 shadow rounded bg-green-dark\/5 group-hover:-translate-y-1 transition-default\">\n                  <figure class=\"relative mb-6 flex h-16 items-center\">\n                                          <img decoding=\"async\" src=\"https:\/\/luganoelegance.com\/wp-content\/uploads\/pkb.svg\" alt=\"logo\" class=\"max-h-full w-auto\">\n                                      <\/figure>\n\n                  <h2 class=\"heading-3 text-yellow mb-4\">PKB PRIVATE BANK<\/h2>\n\n                  <div>\n\n                                          <div class=\"wysiwyg text-small\">\n                        <!-- wp:paragraph -->\n<p>Als Schweizer Privatbank mit Sitz in Lugano bietet PKB ma\u00dfgeschneiderte Verm\u00f6gensverwaltungsl\u00f6sungen f\u00fcr Privatkunden und Unternehmer und verbindet seit 1921 Familientradition, Exzellenz in der Verm\u00f6gensverwaltung und F\u00f6rderung der Kunst.<\/p>\n<!-- \/wp:paragraph -->\n                      <\/div>\n                                      <\/div>\n                <\/article>\n                                  <\/a>\n                              <\/div>\n                      \n        <\/div>\n              <h2 class=\"text-h3 mb-6\">Partners<\/h2>\n\n        <div class=\"container grid grid-cols-12 gap-8 mb-20\">\n\n                                    <div class=\"col-span-12 md:col-span-6 lg:col-span-4 xl:col-span-3 flex\">\n                                                  <a href=\"https:\/\/kessel.ch\/\" target=\"_blank\" rel=\"noopener noreferrer\" class=\"group flex-1 flex\">\n                                <article class=\"flex-1 flex flex-col p-6 shadow rounded bg-green-dark\/5 group-hover:-translate-y-1 transition-default\">\n                  <figure class=\"relative mb-6 flex h-16 items-center\">\n                                          <img decoding=\"async\" src=\"https:\/\/luganoelegance.com\/wp-content\/uploads\/Kessel-Classic.svg\" alt=\"logo\" class=\"max-h-full w-auto\">\n                                      <\/figure>\n\n                  <h2 class=\"heading-3 text-yellow mb-4\">Kessel Classic<\/h2>\n\n                  <div>\n\n                                          <div class=\"wysiwyg text-small\">\n                        <!-- wp:paragraph -->\n<p>Kessel Classic ist auf die Restaurierung und den Verkauf von Oldtimern und Sammlerfahrzeugen spezialisiert.<\/p>\n<!-- \/wp:paragraph -->\n                      <\/div>\n                                      <\/div>\n                <\/article>\n                                  <\/a>\n                              <\/div>\n                          <div class=\"col-span-12 md:col-span-6 lg:col-span-4 xl:col-span-3 flex\">\n                                                  <a href=\"https:\/\/ated.ch\/\" target=\"_blank\" rel=\"noopener noreferrer\" class=\"group flex-1 flex\">\n                                <article class=\"flex-1 flex flex-col p-6 shadow rounded bg-green-dark\/5 group-hover:-translate-y-1 transition-default\">\n                  <figure class=\"relative mb-6 flex h-16 items-center\">\n                                          <img decoding=\"async\" src=\"https:\/\/luganoelegance.com\/wp-content\/uploads\/ated.svg\" alt=\"logo\" class=\"max-h-full w-auto\">\n                                      <\/figure>\n\n                  <h2 class=\"heading-3 text-yellow mb-4\">Ated<\/h2>\n\n                  <div>\n\n                                          <div class=\"wysiwyg text-small\">\n                        <!-- wp:paragraph -->\n<p>Die seit 1971 im Kanton Tessin t\u00e4tige unabh\u00e4ngige Vereinigung ated ist die erste Anlaufstelle f\u00fcr Innovation und digitale Transformation. Sie f\u00f6rdert die Technologiekultur, indem sie Synergien zwischen Unternehmen, Fachleuten und Institutionen schafft, um das wirtschaftliche Gef\u00fcge der Region zu st\u00e4rken.<\/p>\n<!-- \/wp:paragraph -->\n                      <\/div>\n                                      <\/div>\n                <\/article>\n                                  <\/a>\n                              <\/div>\n                          <div class=\"col-span-12 md:col-span-6 lg:col-span-4 xl:col-span-3 flex\">\n                                                <article class=\"flex-1 flex flex-col p-6 shadow rounded bg-green-dark\/5 group-hover:-translate-y-1 transition-default\">\n                  <figure class=\"relative mb-6 flex h-16 items-center\">\n                                          <img decoding=\"async\" src=\"https:\/\/luganoelegance.com\/wp-content\/uploads\/rarissima.jpg\" alt=\"logo\" class=\"max-h-full w-auto\">\n                                      <\/figure>\n\n                  <h2 class=\"heading-3 text-yellow mb-4\">Rarissima<\/h2>\n\n                  <div>\n\n                                          <div class=\"wysiwyg text-small\">\n                        <!-- wp:paragraph -->\n<p>Treffen f\u00fcr Automobile, die in sehr wenigen oder einzigartigen Exemplaren gebaut wurden. Rarissima bringt zur Lugano Elegance eine Auswahl der exklusivsten je gebauten Fahrzeuge.<\/p>\n<!-- \/wp:paragraph -->\n                      <\/div>\n                                      <\/div>\n                <\/article>\n                              <\/div>\n                          <div class=\"col-span-12 md:col-span-6 lg:col-span-4 xl:col-span-3 flex\">\n                                                  <a href=\"https:\/\/shop.artomotivefestival.com\/\" target=\"_blank\" rel=\"noopener noreferrer\" class=\"group flex-1 flex\">\n                                <article class=\"flex-1 flex flex-col p-6 shadow rounded bg-green-dark\/5 group-hover:-translate-y-1 transition-default\">\n                  <figure class=\"relative mb-6 flex h-16 items-center\">\n                                          <img decoding=\"async\" src=\"https:\/\/luganoelegance.com\/wp-content\/uploads\/artomotive.svg\" alt=\"logo\" class=\"max-h-full w-auto\">\n                                      <\/figure>\n\n                  <h2 class=\"heading-3 text-yellow mb-4\">Artomotive<\/h2>\n\n                  <div>\n\n                                          <div class=\"wysiwyg text-small\">\n                        <!-- wp:paragraph -->\n<p>Ein k\u00fcnstlerisches Projekt, das der Automobilkultur gewidmet ist: Artomotive vereint internationale digitale Illustratoren, um das Wesen des Automobils durch hochwertige Sammeldrucke neu zu interpretieren.<\/p>\n<!-- \/wp:paragraph -->\n                      <\/div>\n                                      <\/div>\n                <\/article>\n                                  <\/a>\n                              <\/div>\n                          <div class=\"col-span-12 md:col-span-6 lg:col-span-4 xl:col-span-3 flex\">\n                                                  <a href=\"https:\/\/www.cptbiasca.ti.ch\/\" target=\"_blank\" rel=\"noopener noreferrer\" class=\"group flex-1 flex\">\n                                <article class=\"flex-1 flex flex-col p-6 shadow rounded bg-green-dark\/5 group-hover:-translate-y-1 transition-default\">\n                  <figure class=\"relative mb-6 flex h-16 items-center\">\n                                          <img decoding=\"async\" src=\"https:\/\/luganoelegance.com\/wp-content\/uploads\/CPTB.svg\" alt=\"logo\" class=\"max-h-full w-auto\">\n                                      <\/figure>\n\n                  <h2 class=\"heading-3 text-yellow mb-4\">Centro Professionale Tecnico Biasca<\/h2>\n\n                  <div>\n\n                                          <div class=\"wysiwyg text-small\">\n                        <!-- wp:paragraph -->\n<p>Die Regionale Berufsschule von Biasca f\u00fcr Kfz-Techniker und Schneiderinnen.<\/p>\n<!-- \/wp:paragraph -->\n\n<!-- wp:paragraph -->\n<p><\/p>\n<!-- \/wp:paragraph -->\n                      <\/div>\n                                      <\/div>\n                <\/article>\n                                  <\/a>\n                              <\/div>\n                      \n        <\/div>\n              <h2 class=\"text-h3 mb-6\">Supporter<\/h2>\n\n        <div class=\"container grid grid-cols-12 gap-8 mb-20\">\n\n                                    <div class=\"col-span-12 md:col-span-6 lg:col-span-4 xl:col-span-3 flex\">\n                                                  <a href=\"https:\/\/www.lugano.ch\/\" target=\"_blank\" rel=\"noopener noreferrer\" class=\"group flex-1 flex\">\n                                <article class=\"flex-1 flex flex-col p-6 shadow rounded bg-green-dark\/5 group-hover:-translate-y-1 transition-default\">\n                  <figure class=\"relative mb-6 flex h-16 items-center\">\n                                          <img decoding=\"async\" src=\"https:\/\/luganoelegance.com\/wp-content\/uploads\/Citta-Lugano.svg\" alt=\"logo\" class=\"max-h-full w-auto\">\n                                      <\/figure>\n\n                  <h2 class=\"heading-3 text-yellow mb-4\">Stadt Lugano<\/h2>\n\n                  <div>\n\n                                          <div class=\"wysiwyg text-small\">\n                        <!-- wp:paragraph -->\n<p>Lugano Elegance wird stolz von der Stadt Lugano unterst\u00fctzt.<\/p>\n<!-- \/wp:paragraph -->\n                      <\/div>\n                                      <\/div>\n                <\/article>\n                                  <\/a>\n                              <\/div>\n                          <div class=\"col-span-12 md:col-span-6 lg:col-span-4 xl:col-span-3 flex\">\n                                                  <a href=\"https:\/\/www.luganoregion.com\/\" target=\"_blank\" rel=\"noopener noreferrer\" class=\"group flex-1 flex\">\n                                <article class=\"flex-1 flex flex-col p-6 shadow rounded bg-green-dark\/5 group-hover:-translate-y-1 transition-default\">\n                  <figure class=\"relative mb-6 flex h-16 items-center\">\n                                          <img decoding=\"async\" src=\"https:\/\/luganoelegance.com\/wp-content\/uploads\/Lugano-Region.svg\" alt=\"logo\" class=\"max-h-full w-auto\">\n                                      <\/figure>\n\n                  <h2 class=\"heading-3 text-yellow mb-4\">Lugano Region<\/h2>\n\n                  <div>\n\n                                          <div class=\"wysiwyg text-small\">\n                        <!-- wp:paragraph -->\n<p>Lugano Elegance wird von der regionalen Tourismusorganisation der Stadt Lugano unterst\u00fctzt.<\/p>\n<!-- \/wp:paragraph -->\n                      <\/div>\n                                      <\/div>\n                <\/article>\n                                  <\/a>\n                              <\/div>\n                          <div class=\"col-span-12 md:col-span-6 lg:col-span-4 xl:col-span-3 flex\">\n                                                  <a href=\"https:\/\/de.ail.ch\/unternehmen.html\" target=\"_blank\" rel=\"noopener noreferrer\" class=\"group flex-1 flex\">\n                                <article class=\"flex-1 flex flex-col p-6 shadow rounded bg-green-dark\/5 group-hover:-translate-y-1 transition-default\">\n                  <figure class=\"relative mb-6 flex h-16 items-center\">\n                                          <img decoding=\"async\" src=\"https:\/\/luganoelegance.com\/wp-content\/uploads\/AIL.svg\" alt=\"logo\" class=\"max-h-full w-auto\">\n                                      <\/figure>\n\n                  <h2 class=\"heading-3 text-yellow mb-4\">AIL<\/h2>\n\n                  <div>\n\n                                          <div class=\"wysiwyg text-small\">\n                        <!-- wp:paragraph -->\n<p>AIL ist ein Unternehmen im Energiesektor das die Verteilung von Elektrizit\u00e4t Erdgas und Trinkwasser verwaltet.<\/p>\n<!-- \/wp:paragraph -->\n\n<!-- wp:paragraph -->\n<p><\/p>\n<!-- \/wp:paragraph -->\n                      <\/div>\n                                      <\/div>\n                <\/article>\n                                  <\/a>\n                              <\/div>\n                          <div class=\"col-span-12 md:col-span-6 lg:col-span-4 xl:col-span-3 flex\">\n                                                  <a href=\"https:\/\/www.securitas.ch\/\" target=\"_blank\" rel=\"noopener noreferrer\" class=\"group flex-1 flex\">\n                                <article class=\"flex-1 flex flex-col p-6 shadow rounded bg-green-dark\/5 group-hover:-translate-y-1 transition-default\">\n                  <figure class=\"relative mb-6 flex h-16 items-center\">\n                                          <img decoding=\"async\" src=\"https:\/\/luganoelegance.com\/wp-content\/uploads\/securitas.svg\" alt=\"logo\" class=\"max-h-full w-auto\">\n                                      <\/figure>\n\n                  <h2 class=\"heading-3 text-yellow mb-4\">Securitas<\/h2>\n\n                  <div>\n\n                                          <div class=\"wysiwyg text-small\">\n                        <!-- wp:paragraph -->\n<p>Seit 1907 steht Securitas in der Schweiz f\u00fcr Sicherheit. Als Branchenf\u00fchrer bietet das Unternehmen ma\u00dfgeschneiderte L\u00f6sungen f\u00fcr den Schutz von Personen und Sachwerten und kombiniert hochqualifiziertes Personal mit modernster Technologie, um bei jeder Veranstaltung Spitzenleistungen zu gew\u00e4hrleisten.<\/p>\n<!-- \/wp:paragraph -->\n                      <\/div>\n                                      <\/div>\n                <\/article>\n                                  <\/a>\n                              <\/div>\n                      \n        <\/div>\n              <h2 class=\"text-h3 mb-6\">Mediapartner<\/h2>\n\n        <div class=\"container grid grid-cols-12 gap-8 mb-20\">\n\n                                    <div class=\"col-span-12 md:col-span-6 lg:col-span-4 xl:col-span-3 flex\">\n                                                  <a href=\"https:\/\/www.zwischengas.com\/de\/\" target=\"_blank\" rel=\"noopener noreferrer\" class=\"group flex-1 flex\">\n                                <article class=\"flex-1 flex flex-col p-6 shadow rounded bg-green-dark\/5 group-hover:-translate-y-1 transition-default\">\n                  <figure class=\"relative mb-6 flex h-16 items-center\">\n                                          <img decoding=\"async\" src=\"https:\/\/luganoelegance.com\/wp-content\/uploads\/zwischengas-logo.png\" alt=\"logo\" class=\"max-h-full w-auto\">\n                                      <\/figure>\n\n                  <h2 class=\"heading-3 text-yellow mb-4\">Zwischengas<\/h2>\n\n                  <div>\n\n                                          <div class=\"wysiwyg text-small\">\n                        <!-- wp:paragraph -->\n<p>Die f\u00fchrende deutschsprachige Online-Plattform f\u00fcr Oldtimer und historischen Motorsport. Zwischengas ver\u00f6ffentlicht Berichte, News und Marktanalysen mit Daten zu \u00fcber 25.000 Fahrzeugen, 340.000 Fotos und einem Newsletter mit 129.000 Abonnenten.<\/p>\n<!-- \/wp:paragraph -->\n                      <\/div>\n                                      <\/div>\n                <\/article>\n                                  <\/a>\n                              <\/div>\n                      \n        <\/div>\n          <\/div>\n\n  <\/div>\n  <\/section>\n\n\n","protected":false},"excerpt":{"rendered":"","protected":false},"author":5,"featured_media":0,"parent":0,"menu_order":0,"comment_status":"closed","ping_status":"closed","template":"","meta":{"_acf_changed":false,"inline_featured_image":false,"footnotes":""},"class_list":["post-3349","page","type-page","status-publish","hentry"],"acf":[],"yoast_head":"<!-- This site is optimized with the Yoast SEO plugin v27.5 - https:\/\/yoast.com\/product\/yoast-seo-wordpress\/ -->\n<title>Partner - Lugano Elegance<\/title>\n<meta name=\"robots\" content=\"index, follow, max-snippet:-1, max-image-preview:large, max-video-preview:-1\" \/>\n<link rel=\"canonical\" href=\"https:\/\/luganoelegance.com\/de\/partner\/\" \/>\n<meta property=\"og:locale\" content=\"de_DE\" \/>\n<meta property=\"og:type\" content=\"article\" \/>\n<meta property=\"og:title\" content=\"Partner - Lugano Elegance\" \/>\n<meta property=\"og:url\" content=\"https:\/\/luganoelegance.com\/de\/partner\/\" \/>\n<meta property=\"og:site_name\" content=\"Lugano Elegance\" \/>\n<meta property=\"article:modified_time\" content=\"2026-04-09T14:08:57+00:00\" \/>\n<meta name=\"twitter:card\" content=\"summary_large_image\" \/>\n<script type=\"application\/ld+json\" class=\"yoast-schema-graph\">{\"@context\":\"https:\\\/\\\/schema.org\",\"@graph\":[{\"@type\":\"WebPage\",\"@id\":\"https:\\\/\\\/luganoelegance.com\\\/de\\\/partner\\\/\",\"url\":\"https:\\\/\\\/luganoelegance.com\\\/de\\\/partner\\\/\",\"name\":\"Partner - Lugano Elegance\",\"isPartOf\":{\"@id\":\"https:\\\/\\\/luganoelegance.com\\\/#website\"},\"datePublished\":\"2023-02-13T14:59:50+00:00\",\"dateModified\":\"2026-04-09T14:08:57+00:00\",\"breadcrumb\":{\"@id\":\"https:\\\/\\\/luganoelegance.com\\\/de\\\/partner\\\/#breadcrumb\"},\"inLanguage\":\"de\",\"potentialAction\":[{\"@type\":\"ReadAction\",\"target\":[\"https:\\\/\\\/luganoelegance.com\\\/de\\\/partner\\\/\"]}]},{\"@type\":\"BreadcrumbList\",\"@id\":\"https:\\\/\\\/luganoelegance.com\\\/de\\\/partner\\\/#breadcrumb\",\"itemListElement\":[{\"@type\":\"ListItem\",\"position\":1,\"name\":\"Home\",\"item\":\"https:\\\/\\\/luganoelegance.com\\\/de\\\/\"},{\"@type\":\"ListItem\",\"position\":2,\"name\":\"Partner\"}]},{\"@type\":\"WebSite\",\"@id\":\"https:\\\/\\\/luganoelegance.com\\\/#website\",\"url\":\"https:\\\/\\\/luganoelegance.com\\\/\",\"name\":\"Lugano Elegance\",\"description\":\"\",\"potentialAction\":[{\"@type\":\"SearchAction\",\"target\":{\"@type\":\"EntryPoint\",\"urlTemplate\":\"https:\\\/\\\/luganoelegance.com\\\/?s={search_term_string}\"},\"query-input\":{\"@type\":\"PropertyValueSpecification\",\"valueRequired\":true,\"valueName\":\"search_term_string\"}}],\"inLanguage\":\"de\"}]}<\/script>\n<!-- \/ Yoast SEO plugin. -->","yoast_head_json":{"title":"Partner - Lugano Elegance","robots":{"index":"index","follow":"follow","max-snippet":"max-snippet:-1","max-image-preview":"max-image-preview:large","max-video-preview":"max-video-preview:-1"},"canonical":"https:\/\/luganoelegance.com\/de\/partner\/","og_locale":"de_DE","og_type":"article","og_title":"Partner - Lugano Elegance","og_url":"https:\/\/luganoelegance.com\/de\/partner\/","og_site_name":"Lugano Elegance","article_modified_time":"2026-04-09T14:08:57+00:00","twitter_card":"summary_large_image","schema":{"@context":"https:\/\/schema.org","@graph":[{"@type":"WebPage","@id":"https:\/\/luganoelegance.com\/de\/partner\/","url":"https:\/\/luganoelegance.com\/de\/partner\/","name":"Partner - Lugano Elegance","isPartOf":{"@id":"https:\/\/luganoelegance.com\/#website"},"datePublished":"2023-02-13T14:59:50+00:00","dateModified":"2026-04-09T14:08:57+00:00","breadcrumb":{"@id":"https:\/\/luganoelegance.com\/de\/partner\/#breadcrumb"},"inLanguage":"de","potentialAction":[{"@type":"ReadAction","target":["https:\/\/luganoelegance.com\/de\/partner\/"]}]},{"@type":"BreadcrumbList","@id":"https:\/\/luganoelegance.com\/de\/partner\/#breadcrumb","itemListElement":[{"@type":"ListItem","position":1,"name":"Home","item":"https:\/\/luganoelegance.com\/de\/"},{"@type":"ListItem","position":2,"name":"Partner"}]},{"@type":"WebSite","@id":"https:\/\/luganoelegance.com\/#website","url":"https:\/\/luganoelegance.com\/","name":"Lugano Elegance","description":"","potentialAction":[{"@type":"SearchAction","target":{"@type":"EntryPoint","urlTemplate":"https:\/\/luganoelegance.com\/?s={search_term_string}"},"query-input":{"@type":"PropertyValueSpecification","valueRequired":true,"valueName":"search_term_string"}}],"inLanguage":"de"}]}},"_links":{"self":[{"href":"https:\/\/luganoelegance.com\/de\/wp-json\/wp\/v2\/pages\/3349","targetHints":{"allow":["GET"]}}],"collection":[{"href":"https:\/\/luganoelegance.com\/de\/wp-json\/wp\/v2\/pages"}],"about":[{"href":"https:\/\/luganoelegance.com\/de\/wp-json\/wp\/v2\/types\/page"}],"author":[{"embeddable":true,"href":"https:\/\/luganoelegance.com\/de\/wp-json\/wp\/v2\/users\/5"}],"replies":[{"embeddable":true,"href":"https:\/\/luganoelegance.com\/de\/wp-json\/wp\/v2\/comments?post=3349"}],"version-history":[{"count":22,"href":"https:\/\/luganoelegance.com\/de\/wp-json\/wp\/v2\/pages\/3349\/revisions"}],"predecessor-version":[{"id":4776,"href":"https:\/\/luganoelegance.com\/de\/wp-json\/wp\/v2\/pages\/3349\/revisions\/4776"}],"wp:attachment":[{"href":"https:\/\/luganoelegance.com\/de\/wp-json\/wp\/v2\/media?parent=3349"}],"curies":[{"name":"wp","href":"https:\/\/api.w.org\/{rel}","templated":true}]}}